{"id":361,"date":"2014-04-29T14:18:14","date_gmt":"2014-04-29T12:18:14","guid":{"rendered":"http:\/\/nids.se\/en\/?page_id=361"},"modified":"2015-02-16T21:24:22","modified_gmt":"2015-02-16T20:24:22","slug":"radda-barnen","status":"publish","type":"page","link":"http:\/\/nids.se\/sv\/tidigare-uppdrag\/radda-barnen\/","title":{"rendered":"R\u00e4dda Barnen"},"content":{"rendered":"<p><strong><br \/>\nExempel p\u00e5 uppdrag f\u00f6r R\u00e4dda Barnen<\/strong><\/p>\n<ol>\n<li>NIDS st\u00f6djer R\u00e4dda Barnens lokalf\u00f6reningar i s\u00f6dra Stockholm att f\u00f6lja upp hur kommunerna lever upp till sitt ansvar f\u00f6r barns r\u00e4ttigheter.\u00a0Arbetet innefattar granskning av statistik och rapporter, \u00f6versyn av\u00a0planerings och styrprocesser, intervjuer med barn och ungdomar, m\u00f6ten med politker och tj\u00e4nstem\u00e4n, kompetensutveckling och skriftlig \u00e5terrapprtering.<\/li>\n<li>NIDS har genomf\u00f6rt tv\u00e5 analyser av barns r\u00e4ttigheter i Haninge kommun. &#8221;<a class=\"current\" href=\"http:\/\/nids.se\/wp-content\/themes\/nids_tema\/dokument\/Radda_Barnen.pdf\" target=\"_blank\">Barnkonventionen i Haninge &#8211; vad har h\u00e4nt<\/a>&#8221;.pdf (3,16MB), 2006 och &#8221;<a href=\"http:\/\/nids.se\/wp-content\/themes\/nids_tema\/dokument\/Den_goda_viljan.pdf\" target=\"_blank\">Den goda viljan<\/a>&#8221;.pdf (2,44MB), 2010.<\/li>\n<li>NIDS har bist\u00e5tt R\u00e4dda Barnen att ta fram &#8221;<a href=\"http:\/\/www.rb.se\/SiteCollectionDocuments\/Riktlinjer%20och%20policydokument\/kompassen%20dubbel%20utskrift.pdf\" target=\"_blank\">Kompassen<\/a>&#8221;, v\u00e4rdegrund, m\u00e5l och inriktning f\u00f6r R\u00e4dda Barnens arbete.<\/li>\n<li>NIDS har\u00a0gjort utv\u00e4rderingar av R\u00e4dda\u00a0Barnens arbete i bl.a. Lettland,\u00a0V\u00e4stra Balkan, Etiopien och Nepal.<\/li>\n<li>NIDS har gjort en baslinjestudie av hur v\u00e4l Svenska R\u00e4dda Barnen\u00a0uppfyller kriterier som barnr\u00e4ttsorganisation.<\/li>\n<li>NIDS har gjort en utv\u00e4rdering av R\u00e4dda Barnens arbete f\u00f6r barn i utsatta situationer i Zanzibar. L\u00e4s den <a title=\"Evaluation of Save the Children\u2019s Child Rights Governance and Protection Projects in Tanzania \u2013 Zanzibar project\" href=\"http:\/\/www.sida.se\/Svenska\/Publikationer-och-bilder\/publikationer\/2014\/december\/evaluation-of-save-the-childrens-child-rights-governance-and-protection-projects-in-tanzania--zanzibar-project---\/\" target=\"_blank\">h\u00e4r<\/a>.<\/li>\n<\/ol>\n","protected":false},"excerpt":{"rendered":"<p>Exempel p\u00e5 uppdrag f\u00f6r R\u00e4dda Barnen NIDS st\u00f6djer R\u00e4dda Barnens lokalf\u00f6reningar i s\u00f6dra Stockholm att f\u00f6lja upp hur kommunerna lever upp till sitt ansvar f\u00f6r barns r\u00e4ttigheter.\u00a0Arbetet innefattar granskning av statistik och rapporter, \u00f6versyn av\u00a0planerings och styrprocesser, intervjuer med barn och ungdomar, m\u00f6ten med politker och tj\u00e4nstem\u00e4n, kompetensutveckling och skriftlig \u00e5terrapprtering. NIDS har genomf\u00f6rt tv\u00e5 [&hellip;]<\/p>\n","protected":false},"author":1,"featured_media":0,"parent":332,"menu_order":0,"comment_status":"closed","ping_status":"closed","template":"","meta":[],"_links":{"self":[{"href":"http:\/\/nids.se\/sv\/wp-json\/wp\/v2\/pages\/361"}],"collection":[{"href":"http:\/\/nids.se\/sv\/wp-json\/wp\/v2\/pages"}],"about":[{"href":"http:\/\/nids.se\/sv\/wp-json\/wp\/v2\/types\/page"}],"author":[{"embeddable":true,"href":"http:\/\/nids.se\/sv\/wp-json\/wp\/v2\/users\/1"}],"replies":[{"embeddable":true,"href":"http:\/\/nids.se\/sv\/wp-json\/wp\/v2\/comments?post=361"}],"version-history":[{"count":3,"href":"http:\/\/nids.se\/sv\/wp-json\/wp\/v2\/pages\/361\/revisions"}],"predecessor-version":[{"id":461,"href":"http:\/\/nids.se\/sv\/wp-json\/wp\/v2\/pages\/361\/revisions\/461"}],"up":[{"embeddable":true,"href":"http:\/\/nids.se\/sv\/wp-json\/wp\/v2\/pages\/332"}],"wp:attachment":[{"href":"http:\/\/nids.se\/sv\/wp-json\/wp\/v2\/media?parent=361"}],"curies":[{"name":"wp","href":"https:\/\/api.w.org\/{rel}","templated":true}]}}